{"id":3809,"date":"2022-09-07T16:40:31","date_gmt":"2022-09-07T14:40:31","guid":{"rendered":"https:\/\/itinerairecom.fr\/?page_id=3809"},"modified":"2022-09-07T16:44:04","modified_gmt":"2022-09-07T14:44:04","slug":"cgv-cahier-1","status":"publish","type":"page","link":"https:\/\/itinerairecom.fr\/index.php\/cgv-cahier-1\/","title":{"rendered":"CGV CAHIER 1"},"content":{"rendered":"\t\t<div data-elementor-type=\"wp-page\" data-elementor-id=\"3809\" class=\"elementor elementor-3809\">\n\t\t\t\t\t\t\t\t\t<section class=\"elementor-section elementor-top-section elementor-element elementor-element-629cfa67 elementor-section-boxed elementor-section-height-default elementor-section-height-default\" data-id=\"629cfa67\" data-element_type=\"section\" data-settings=\"{&quot;background_background&quot;:&quot;classic&quot;}\">\n\t\t\t\t\t\t<div class=\"elementor-container elementor-column-gap-default\">\n\t\t\t\t\t<div class=\"elementor-column elementor-col-100 elementor-top-column elementor-element elementor-element-7996a5f4\" data-id=\"7996a5f4\" data-element_type=\"column\">\n\t\t\t<div class=\"elementor-widget-wrap elementor-element-populated\">\n\t\t\t\t\t\t\t\t<div class=\"elementor-element elementor-element-5841731 elementor-widget elementor-widget-text-editor\" data-id=\"5841731\" data-element_type=\"widget\" data-widget_type=\"text-editor.default\">\n\t\t\t\t<div class=\"elementor-widget-container\">\n\t\t\t\t\t\t\t<h1>Conditions g\u00e9n\u00e9rales de vente<\/h1><p>\u00a0<\/p><p><strong>Article 1 : Champ d\u2019application<\/strong><\/p><p>Les pr\u00e9sentes conditions g\u00e9n\u00e9rales de vente s\u2019appliquent \u00e0 toutes les transactions conclues par le biais des sites Internet du r\u00e9seau de l&rsquo;entreprise en personne physique Anna\u00eble Fritsch &#8211; Itin\u00e9raireCom. Est consid\u00e9r\u00e9e comme \u00ab client \u00bb toute personne physique ou morale r\u00e9alisant aupr\u00e8s de la l&rsquo;entreprise en personne physique Anna\u00eble Fritsch &#8211; Itin\u00e9raireCom une commande valid\u00e9e via une de nos plateformes de paiement s\u00e9curis\u00e9es Stripe ou Paypal.<\/p><p>\u00a0<\/p><p><strong>Article 2 : Commande<\/strong><\/p><p>Toute commande pass\u00e9e sur un site appartenant \u00e0 l&rsquo;entreprise en personne physique Anna\u00eble Fritsch &#8211; Itin\u00e9raireCom implique l\u2019acceptation int\u00e9grale et sans r\u00e9serve des pr\u00e9sentes conditions g\u00e9n\u00e9rales de vente.<\/p><p>\u00a0<\/p><p><strong>Article 3 : Prix<\/strong><\/p><p>Les prix sont indiqu\u00e9s en euros HT. Le prix des articles peut \u00eatre modifi\u00e9 \u00e0 tout moment. Toutefois, le tarif appliqu\u00e9 \u00e0 une commande sera celui annonc\u00e9 au moment de la commande.<\/p><p>\u00a0<\/p><p><strong>Article 4 : Paiement<\/strong><\/p><p>Le paiement est exigible imm\u00e9diatement \u00e0 la date de la commande, y compris pour les produits en pr\u00e9commande. Vous pouvez effectuer le r\u00e8glement par carte de paiement via Stripe ou Paypal. Le paiement s\u00e9curis\u00e9 en ligne par carte bancaire est r\u00e9alis\u00e9 par l\u2019interm\u00e9diaire de la soci\u00e9t\u00e9 Stripe ou Paypal (selon le choix du client). Les informations transmises sont chiffr\u00e9es par un logiciel dans les r\u00e8gles de l\u2019art et ne peuvent \u00eatre lues au cours du transport sur le r\u00e9seau. Toute garantie quant \u00e0 la s\u00e9curit\u00e9 de ce syst\u00e8me est enti\u00e8rement de la responsabilit\u00e9 de la soci\u00e9t\u00e9 Stripe ou Paypal et ne saurait nous \u00eatre imput\u00e9e.<\/p><p>\u00a0<\/p><p><strong>Article 5 : Acc\u00e8s et Livraison<\/strong><\/p><p>L\u2019acc\u00e8s aux produits num\u00e9riques se fera via un lien de t\u00e9l\u00e9chargement Google Drive. Imm\u00e9diatement apr\u00e8s avoir effectu\u00e9 votre commande, vous recevrez un mail contenant l&rsquo;acc\u00e8s au produit. Nous vous prions de les conserver de mani\u00e8re priv\u00e9e. En cas de difficult\u00e9 pour acc\u00e9der \u00e0 votre commande, contactez le support par mail \u00e0 l\u2019adresse <a>annaele@itinerairecom.fr<\/a> ou alors contactez directement le propri\u00e9taire sur Instagram : @itinerairecom<\/p><p>\u00a0<\/p><p><strong>Article 6 : Protection des donn\u00e9es personnelles<\/strong><\/p><p>Nous respectons le RGPD &#8211; R\u00e8glement europ\u00e9en sur la protection des donn\u00e9es. Vous disposez d\u2019un droit d\u2019acc\u00e8s et de rectification aux donn\u00e9es personnelles vous concernant. En adh\u00e9rant \u00e0 ces conditions g\u00e9n\u00e9rales de vente, vous reconnaissez avoir pris connaissance de notre politique de protection des donn\u00e9es personnelles et consentez \u00e0 ce que nous collections et utilisions ces donn\u00e9es. En saisissant votre adresse email sur l\u2019un des sites de notre r\u00e9seau, vous recevrez des emails contenant des informations et\/ou des offres promotionnelles concernant des produits \u00e9dit\u00e9s par l&rsquo;entreprise en personne physique Anna\u00eble Fritsch &#8211; Itin\u00e9raireCom<\/p><p>Vous pouvez vous d\u00e9sinscrire \u00e0 tout instant. Il vous suffit pour cela de cliquer sur le lien pr\u00e9sent \u00e0 la fin de nos emails. Ce lien est pr\u00e9c\u00e9d\u00e9 de la mention \u201cSe d\u00e9sabonner\u201d.<\/p><p>\u00a0<\/p><p><strong>Article 7 : Politique de remboursement<\/strong><\/p><p>La garantie de remboursement d\u00e9pend de ce qui est mentionn\u00e9 sur la page qui pr\u00e9sente le produit. Si aucune garantie de remboursement n\u2019est mentionn\u00e9e sur la page qui pr\u00e9sente le produit, aucun remboursement n\u2019est effectu\u00e9 apr\u00e8s la commande.<\/p><p>En effet, la r\u00e8glementation exclut le \u00ab contenu num\u00e9rique fourni sur un support immat\u00e9riel et contrat d\u2019abonnement \u00e0 ces prestations dont l\u2019ex\u00e9cution a commenc\u00e9 avec votre accord et pour lequel vous avez renonc\u00e9 \u00e0 votre droit de r\u00e9tractation (exemple : un film t\u00e9l\u00e9charg\u00e9).<\/p><p>Acc\u00e9der au contenu (en le t\u00e9l\u00e9chargeant ou en le visionnant m\u00eame partiellement) est consid\u00e9r\u00e9 comme l\u2019ex\u00e9cution pleine et enti\u00e8re du contrat et entra\u00eene donc une renonciation du d\u00e9lais de r\u00e9tractation.<\/p><p>Si une garantie de remboursement est mentionn\u00e9e sur la page qui pr\u00e9sente le produit, contactez le support client \u00e0 <a>annaele@itinerairecom.fr<\/a>.<\/p><p>\u00a0<\/p><p><strong>Article 8 : Informations sur l&rsquo;entreprise en personne physique<\/strong><\/p><p>L&rsquo;entreprise Itin\u00e9raireCom est enregistr\u00e9e en France \u00e0 l\u2019adresse :<\/p><p>67 avenue de Castres, 31500<\/p><p>Toulouse<\/p>\t\t\t\t\t\t<\/div>\n\t\t\t\t<\/div>\n\t\t\t\t\t<\/div>\n\t\t<\/div>\n\t\t\t\t\t\t\t<\/div>\n\t\t<\/section>\n\t\t\t\t\t\t\t<\/div>\n\t\t","protected":false},"excerpt":{"rendered":"<p>Conditions g\u00e9n\u00e9rales de vente Article 1 : Champ d\u2019application Les pr\u00e9sentes conditions g\u00e9n\u00e9rales de vente s\u2019appliquent \u00e0 toutes les transactions conclues par le biais des sites Internet du r\u00e9seau de l&rsquo;entreprise en personne physique Anna\u00eble Fritsch &#8211; Itin\u00e9raireCom. Est consid\u00e9r\u00e9e comme \u00ab client \u00bb toute personne physique ou morale r\u00e9alisant aupr\u00e8s de la l&rsquo;entreprise en &hellip; <\/p>\n<p class=\"link-more\"><a href=\"https:\/\/itinerairecom.fr\/index.php\/cgv-cahier-1\/\" class=\"more-link\">Continuer la lecture <span class=\"screen-reader-text\"> \u00ab\u00a0CGV CAHIER 1\u00a0\u00bb<\/span><\/a><\/p>\n","protected":false},"author":1,"featured_media":0,"parent":0,"menu_order":0,"comment_status":"closed","ping_status":"closed","template":"elementor_canvas","meta":{"footnotes":""},"yoast_head":"<!-- This site is optimized with the Yoast SEO plugin v21.1 - https:\/\/yoast.com\/wordpress\/plugins\/seo\/ -->\n<title>CGV CAHIER 1 - Itin\u00e9raireCom<\/title>\n<meta name=\"description\" content=\"CGV Cahier de l&#039;Apprenti Communicant\" \/>\n<meta name=\"robots\" content=\"index, follow, max-snippet:-1, max-image-preview:large, max-video-preview:-1\" \/>\n<link rel=\"canonical\" href=\"https:\/\/itinerairecom.fr\/index.php\/cgv-cahier-1\/\" \/>\n<meta property=\"og:locale\" content=\"fr_FR\" \/>\n<meta property=\"og:type\" content=\"article\" \/>\n<meta property=\"og:title\" content=\"CGV CAHIER 1 - Itin\u00e9raireCom\" \/>\n<meta property=\"og:description\" content=\"CGV Cahier de l&#039;Apprenti Communicant\" \/>\n<meta property=\"og:url\" content=\"https:\/\/itinerairecom.fr\/index.php\/cgv-cahier-1\/\" \/>\n<meta property=\"og:site_name\" content=\"Itin\u00e9raireCom\" \/>\n<meta property=\"article:publisher\" content=\"https:\/\/www.facebook.com\/itinerairecom\/\" \/>\n<meta property=\"article:modified_time\" content=\"2022-09-07T14:44:04+00:00\" \/>\n<meta property=\"og:image\" content=\"https:\/\/itinerairecom.fr\/wp-content\/uploads\/2020\/07\/logo-blueBG.png\" \/>\n\t<meta property=\"og:image:width\" content=\"1716\" \/>\n\t<meta property=\"og:image:height\" content=\"881\" \/>\n\t<meta property=\"og:image:type\" content=\"image\/png\" \/>\n<meta name=\"twitter:card\" content=\"summary_large_image\" \/>\n<meta name=\"twitter:label1\" content=\"Dur\u00e9e de lecture estim\u00e9e\" \/>\n\t<meta name=\"twitter:data1\" content=\"4 minutes\" \/>\n<script type=\"application\/ld+json\" class=\"yoast-schema-graph\">{\"@context\":\"https:\/\/schema.org\",\"@graph\":[{\"@type\":\"WebPage\",\"@id\":\"https:\/\/itinerairecom.fr\/index.php\/cgv-cahier-1\/\",\"url\":\"https:\/\/itinerairecom.fr\/index.php\/cgv-cahier-1\/\",\"name\":\"CGV CAHIER 1 - Itin\u00e9raireCom\",\"isPartOf\":{\"@id\":\"https:\/\/itinerairecom.fr\/#website\"},\"datePublished\":\"2022-09-07T14:40:31+00:00\",\"dateModified\":\"2022-09-07T14:44:04+00:00\",\"description\":\"CGV Cahier de l'Apprenti Communicant\",\"breadcrumb\":{\"@id\":\"https:\/\/itinerairecom.fr\/index.php\/cgv-cahier-1\/#breadcrumb\"},\"inLanguage\":\"fr-FR\",\"potentialAction\":[{\"@type\":\"ReadAction\",\"target\":[\"https:\/\/itinerairecom.fr\/index.php\/cgv-cahier-1\/\"]}]},{\"@type\":\"BreadcrumbList\",\"@id\":\"https:\/\/itinerairecom.fr\/index.php\/cgv-cahier-1\/#breadcrumb\",\"itemListElement\":[{\"@type\":\"ListItem\",\"position\":1,\"name\":\"Accueil\",\"item\":\"https:\/\/itinerairecom.fr\/\"},{\"@type\":\"ListItem\",\"position\":2,\"name\":\"CGV CAHIER 1\"}]},{\"@type\":\"WebSite\",\"@id\":\"https:\/\/itinerairecom.fr\/#website\",\"url\":\"https:\/\/itinerairecom.fr\/\",\"name\":\"Itin\u00e9raireCom\",\"description\":\"Mettons la main \u00e0 la com&#039;\",\"publisher\":{\"@id\":\"https:\/\/itinerairecom.fr\/#organization\"},\"potentialAction\":[{\"@type\":\"SearchAction\",\"target\":{\"@type\":\"EntryPoint\",\"urlTemplate\":\"https:\/\/itinerairecom.fr\/?s={search_term_string}\"},\"query-input\":\"required name=search_term_string\"}],\"inLanguage\":\"fr-FR\"},{\"@type\":\"Organization\",\"@id\":\"https:\/\/itinerairecom.fr\/#organization\",\"name\":\"Intin\u00e9raireCom\",\"url\":\"https:\/\/itinerairecom.fr\/\",\"logo\":{\"@type\":\"ImageObject\",\"inLanguage\":\"fr-FR\",\"@id\":\"https:\/\/itinerairecom.fr\/#\/schema\/logo\/image\/\",\"url\":\"https:\/\/itinerairecom.fr\/wp-content\/uploads\/2020\/07\/logo-blueBG.png\",\"contentUrl\":\"https:\/\/itinerairecom.fr\/wp-content\/uploads\/2020\/07\/logo-blueBG.png\",\"width\":1716,\"height\":881,\"caption\":\"Intin\u00e9raireCom\"},\"image\":{\"@id\":\"https:\/\/itinerairecom.fr\/#\/schema\/logo\/image\/\"},\"sameAs\":[\"https:\/\/www.facebook.com\/itinerairecom\/\",\"https:\/\/www.instagram.com\/itinerairecom\/?hl=fr\",\"https:\/\/www.linkedin.com\/in\/annaelefritsch\/\",\"https:\/\/www.pinterest.com\/itinerairecom\/_saved\/\"]}]}<\/script>\n<!-- \/ Yoast SEO plugin. -->","yoast_head_json":{"title":"CGV CAHIER 1 - Itin\u00e9raireCom","description":"CGV Cahier de l'Apprenti Communicant","robots":{"index":"index","follow":"follow","max-snippet":"max-snippet:-1","max-image-preview":"max-image-preview:large","max-video-preview":"max-video-preview:-1"},"canonical":"https:\/\/itinerairecom.fr\/index.php\/cgv-cahier-1\/","og_locale":"fr_FR","og_type":"article","og_title":"CGV CAHIER 1 - Itin\u00e9raireCom","og_description":"CGV Cahier de l'Apprenti Communicant","og_url":"https:\/\/itinerairecom.fr\/index.php\/cgv-cahier-1\/","og_site_name":"Itin\u00e9raireCom","article_publisher":"https:\/\/www.facebook.com\/itinerairecom\/","article_modified_time":"2022-09-07T14:44:04+00:00","og_image":[{"width":1716,"height":881,"url":"https:\/\/itinerairecom.fr\/wp-content\/uploads\/2020\/07\/logo-blueBG.png","type":"image\/png"}],"twitter_card":"summary_large_image","twitter_misc":{"Dur\u00e9e de lecture estim\u00e9e":"4 minutes"},"schema":{"@context":"https:\/\/schema.org","@graph":[{"@type":"WebPage","@id":"https:\/\/itinerairecom.fr\/index.php\/cgv-cahier-1\/","url":"https:\/\/itinerairecom.fr\/index.php\/cgv-cahier-1\/","name":"CGV CAHIER 1 - Itin\u00e9raireCom","isPartOf":{"@id":"https:\/\/itinerairecom.fr\/#website"},"datePublished":"2022-09-07T14:40:31+00:00","dateModified":"2022-09-07T14:44:04+00:00","description":"CGV Cahier de l'Apprenti Communicant","breadcrumb":{"@id":"https:\/\/itinerairecom.fr\/index.php\/cgv-cahier-1\/#breadcrumb"},"inLanguage":"fr-FR","potentialAction":[{"@type":"ReadAction","target":["https:\/\/itinerairecom.fr\/index.php\/cgv-cahier-1\/"]}]},{"@type":"BreadcrumbList","@id":"https:\/\/itinerairecom.fr\/index.php\/cgv-cahier-1\/#breadcrumb","itemListElement":[{"@type":"ListItem","position":1,"name":"Accueil","item":"https:\/\/itinerairecom.fr\/"},{"@type":"ListItem","position":2,"name":"CGV CAHIER 1"}]},{"@type":"WebSite","@id":"https:\/\/itinerairecom.fr\/#website","url":"https:\/\/itinerairecom.fr\/","name":"Itin\u00e9raireCom","description":"Mettons la main \u00e0 la com&#039;","publisher":{"@id":"https:\/\/itinerairecom.fr\/#organization"},"potentialAction":[{"@type":"SearchAction","target":{"@type":"EntryPoint","urlTemplate":"https:\/\/itinerairecom.fr\/?s={search_term_string}"},"query-input":"required name=search_term_string"}],"inLanguage":"fr-FR"},{"@type":"Organization","@id":"https:\/\/itinerairecom.fr\/#organization","name":"Intin\u00e9raireCom","url":"https:\/\/itinerairecom.fr\/","logo":{"@type":"ImageObject","inLanguage":"fr-FR","@id":"https:\/\/itinerairecom.fr\/#\/schema\/logo\/image\/","url":"https:\/\/itinerairecom.fr\/wp-content\/uploads\/2020\/07\/logo-blueBG.png","contentUrl":"https:\/\/itinerairecom.fr\/wp-content\/uploads\/2020\/07\/logo-blueBG.png","width":1716,"height":881,"caption":"Intin\u00e9raireCom"},"image":{"@id":"https:\/\/itinerairecom.fr\/#\/schema\/logo\/image\/"},"sameAs":["https:\/\/www.facebook.com\/itinerairecom\/","https:\/\/www.instagram.com\/itinerairecom\/?hl=fr","https:\/\/www.linkedin.com\/in\/annaelefritsch\/","https:\/\/www.pinterest.com\/itinerairecom\/_saved\/"]}]}},"_links":{"self":[{"href":"https:\/\/itinerairecom.fr\/index.php\/wp-json\/wp\/v2\/pages\/3809"}],"collection":[{"href":"https:\/\/itinerairecom.fr\/index.php\/wp-json\/wp\/v2\/pages"}],"about":[{"href":"https:\/\/itinerairecom.fr\/index.php\/wp-json\/wp\/v2\/types\/page"}],"author":[{"embeddable":true,"href":"https:\/\/itinerairecom.fr\/index.php\/wp-json\/wp\/v2\/users\/1"}],"replies":[{"embeddable":true,"href":"https:\/\/itinerairecom.fr\/index.php\/wp-json\/wp\/v2\/comments?post=3809"}],"version-history":[{"count":9,"href":"https:\/\/itinerairecom.fr\/index.php\/wp-json\/wp\/v2\/pages\/3809\/revisions"}],"predecessor-version":[{"id":3819,"href":"https:\/\/itinerairecom.fr\/index.php\/wp-json\/wp\/v2\/pages\/3809\/revisions\/3819"}],"wp:attachment":[{"href":"https:\/\/itinerairecom.fr\/index.php\/wp-json\/wp\/v2\/media?parent=3809"}],"curies":[{"name":"wp","href":"https:\/\/api.w.org\/{rel}","templated":true}]}}